{"id":22869,"date":"2026-06-30T15:33:50","date_gmt":"2026-06-30T13:33:50","guid":{"rendered":"https:\/\/mediatheques.villeurbanne.fr\/agenda\/?post_type=ajde_events&#038;p=22869"},"modified":"2026-07-08T11:12:42","modified_gmt":"2026-07-08T09:12:42","slug":"jeunesse-et-relations-intimes-apres-metoo","status":"publish","type":"ajde_events","link":"https:\/\/mediatheques.villeurbanne.fr\/agenda\/events\/jeunesse-et-relations-intimes-apres-metoo\/","title":{"rendered":"La sexualit\u00e9 qui vient. Jeunesse et relations intimes apr\u00e8s #MeToo"},"content":{"rendered":"\n<p class=\"wp-block-paragraph\">Table-ronde anim\u00e9e par Marion Maudet, Titouan\u00a0Fantoni\u2011Decayeux, Malena\u00a0Lapine, Romain Philitautour du livre <strong><a href=\"https:\/\/cataloguebm.villeurbanne.fr\/Default\/doc\/SYRACUSE\/4556505\/la-sexualite-qui-vient-jeunesse-et-relations-intimes-apres-metoo-marie-bergstrom\" target=\"_blank\" rel=\"noreferrer noopener\"><em>La sexualit\u00e9 qui vient<\/em><\/a><\/strong>, paru aux \u00e9ditions de La D\u00e9couverte sous la direction de <strong><a href=\"https:\/\/www.ined.fr\/fr\/recherche\/nos-chercheurs\/marie-bergstrom\" target=\"_blank\" rel=\"noreferrer noopener\">Marie Bergstr\u00f6m<\/a><\/strong>.<\/p>\n\n\n\n<p class=\"wp-block-paragraph\">\u00ab&nbsp;Reposant sur une grande enqu\u00eate in\u00e9dite de l&rsquo;Ined aupr\u00e8s de plus de 10 000 jeunes adultes de 18 \u00e0 29 ans, ce livre dessine un portrait des jeunesses fran\u00e7aises dans leur diversit\u00e9 et sous le prisme des relations intimes. Il montre comment le num\u00e9rique, le moment #MeToo et la complexification des parcours ont profond\u00e9ment chang\u00e9 la vie affective et sexuelle, et \u00e9claire les in\u00e9galit\u00e9s de genre, de classe et de race qui se nichent dans l&rsquo;intimit\u00e9.&nbsp;\u00bb<\/p>\n\n\n\n<p class=\"wp-block-paragraph\">En pr\u00e9sence de : <\/p>\n\n\n\n<p class=\"wp-block-paragraph\"><strong>Marion Maudet<\/strong>, ma\u00eetresse de conf\u00e9rence \u00e0 Lyon 2<br \/><strong>Titouan Fantoni-Decayeux<\/strong>, doctorant.e \u00e0 l\u2019EHESS<br \/><strong>Malena Lapine<\/strong>, doctorante \u00e0 l\u2019ENS-EHESS<br \/><strong>Romain Philit<\/strong>, doctorant \u00e0 l\u2019EHESS<\/p>\n\n\n\n<p class=\"wp-block-paragraph\">Plus d\u2019informations \u00e0 venir.<\/p>\n\n\n\n<p class=\"wp-block-paragraph\"><\/p>\n","protected":false},"author":90,"featured_media":22870,"menu_order":0,"comment_status":"closed","ping_status":"closed","template":"","meta":{"_members_access_role":[],"_members_access_error":""},"tags":[394,639,853,1951,2396,3134],"event_type":[1161],"event_type_2":[2771,2772],"class_list":["post-22869","ajde_events","type-ajde_events","status-publish","has-post-thumbnail","hentry","tag-adolescent","tag-maison-du-livre-de-limage-et-du-son","tag-mediatheques-de-villeurbanne","tag-sexualite","tag-societe","tag-table-ronde","event_location-maison-du-livre-de-limage-et-du-son","event_organizer-maison-du-livre-de-limage-et-du-son","event_type-decouvertes-et-societe","event_type_2-10-ans-et-plus","event_type_2-adultes"],"_links":{"self":[{"href":"https:\/\/mediatheques.villeurbanne.fr\/agenda\/wp-json\/wp\/v2\/ajde_events\/22869","targetHints":{"allow":["GET"]}}],"collection":[{"href":"https:\/\/mediatheques.villeurbanne.fr\/agenda\/wp-json\/wp\/v2\/ajde_events"}],"about":[{"href":"https:\/\/mediatheques.villeurbanne.fr\/agenda\/wp-json\/wp\/v2\/types\/ajde_events"}],"author":[{"embeddable":true,"href":"https:\/\/mediatheques.villeurbanne.fr\/agenda\/wp-json\/wp\/v2\/users\/90"}],"replies":[{"embeddable":true,"href":"https:\/\/mediatheques.villeurbanne.fr\/agenda\/wp-json\/wp\/v2\/comments?post=22869"}],"wp:featuredmedia":[{"embeddable":true,"href":"https:\/\/mediatheques.villeurbanne.fr\/agenda\/wp-json\/wp\/v2\/media\/22870"}],"wp:attachment":[{"href":"https:\/\/mediatheques.villeurbanne.fr\/agenda\/wp-json\/wp\/v2\/media?parent=22869"}],"wp:term":[{"taxonomy":"post_tag","embeddable":true,"href":"https:\/\/mediatheques.villeurbanne.fr\/agenda\/wp-json\/wp\/v2\/tags?post=22869"},{"taxonomy":"event_type","embeddable":true,"href":"https:\/\/mediatheques.villeurbanne.fr\/agenda\/wp-json\/wp\/v2\/event_type?post=22869"},{"taxonomy":"event_type_2","embeddable":true,"href":"https:\/\/mediatheques.villeurbanne.fr\/agenda\/wp-json\/wp\/v2\/event_type_2?post=22869"}],"curies":[{"name":"wp","href":"https:\/\/api.w.org\/{rel}","templated":true}]}}