{"id":22681,"date":"2026-09-01T18:05:34","date_gmt":"2026-09-01T16:05:34","guid":{"rendered":"https:\/\/mediatheques.villeurbanne.fr\/agenda\/?post_type=ajde_events&#038;p=22681"},"modified":"2026-09-01T18:05:35","modified_gmt":"2026-09-01T16:05:35","slug":"les-faits-rien-que-les-faits","status":"publish","type":"ajde_events","link":"https:\/\/mediatheques.villeurbanne.fr\/agenda\/events\/les-faits-rien-que-les-faits\/","title":{"rendered":"Les faits, rien que les faits"},"content":{"rendered":"\n<p class=\"wp-block-paragraph\"><strong>Sur inscription (ouverture un mois avant)<\/strong><\/p>\n\n\n\n<p class=\"wp-block-paragraph\"><strong>Et si vous deveniez journaliste le temps d\u2019un atelier ?<\/strong>\u00a0<br \/>Faits, hypoth\u00e8ses, suppositions\u2026 saurez-vous d\u00e9m\u00ealer le vrai du vraisemblable ? <\/p>\n\n\n\n<p class=\"wp-block-paragraph\">\u00c0 travers une conf\u00e9rence de presse fictive, ludique et pleine de surprises, vous m\u00e8nerez l\u2019enqu\u00eate, poserez vos questions et construirez votre propre information. Vous apprendrez \u00e0 distinguer information et communication, \u00e0 rep\u00e9rer comment une information se construit et \u00e0 hi\u00e9rarchiser ce qui compte vraiment. Un atelier pour aiguiser son esprit critique, d\u00e9velopper son sens de la synth\u00e8se, jouer avec les codes de l\u2019\u00e9criture journalistique\u2026 et surtout, ne pas se laisser raconter n\u2019importe quoi !<\/p>\n\n\n\n<p class=\"wp-block-paragraph\"><\/p>\n\n\n\n<p class=\"wp-block-paragraph\"><\/p>\n","protected":false},"author":90,"featured_media":23339,"menu_order":0,"comment_status":"closed","ping_status":"closed","template":"","meta":{"_members_access_role":[],"_members_access_error":""},"tags":[4428,4096,3024,1291,639,853],"event_type":[1161],"event_type_2":[2771,2772],"class_list":["post-22681","ajde_events","type-ajde_events","status-publish","has-post-thumbnail","hentry","tag-conference-de-presse-fictive","tag-education-aux-medias-et-a-linformation","tag-emi","tag-information","tag-maison-du-livre-de-limage-et-du-son","tag-mediatheques-de-villeurbanne","event_location-maison-du-livre-de-limage-et-du-son","event_organizer-maison-du-livre-de-limage-et-du-son","event_type-decouvertes-et-societe","event_type_2-10-ans-et-plus","event_type_2-adultes"],"_links":{"self":[{"href":"https:\/\/mediatheques.villeurbanne.fr\/agenda\/wp-json\/wp\/v2\/ajde_events\/22681","targetHints":{"allow":["GET"]}}],"collection":[{"href":"https:\/\/mediatheques.villeurbanne.fr\/agenda\/wp-json\/wp\/v2\/ajde_events"}],"about":[{"href":"https:\/\/mediatheques.villeurbanne.fr\/agenda\/wp-json\/wp\/v2\/types\/ajde_events"}],"author":[{"embeddable":true,"href":"https:\/\/mediatheques.villeurbanne.fr\/agenda\/wp-json\/wp\/v2\/users\/90"}],"replies":[{"embeddable":true,"href":"https:\/\/mediatheques.villeurbanne.fr\/agenda\/wp-json\/wp\/v2\/comments?post=22681"}],"wp:featuredmedia":[{"embeddable":true,"href":"https:\/\/mediatheques.villeurbanne.fr\/agenda\/wp-json\/wp\/v2\/media\/23339"}],"wp:attachment":[{"href":"https:\/\/mediatheques.villeurbanne.fr\/agenda\/wp-json\/wp\/v2\/media?parent=22681"}],"wp:term":[{"taxonomy":"post_tag","embeddable":true,"href":"https:\/\/mediatheques.villeurbanne.fr\/agenda\/wp-json\/wp\/v2\/tags?post=22681"},{"taxonomy":"event_type","embeddable":true,"href":"https:\/\/mediatheques.villeurbanne.fr\/agenda\/wp-json\/wp\/v2\/event_type?post=22681"},{"taxonomy":"event_type_2","embeddable":true,"href":"https:\/\/mediatheques.villeurbanne.fr\/agenda\/wp-json\/wp\/v2\/event_type_2?post=22681"}],"curies":[{"name":"wp","href":"https:\/\/api.w.org\/{rel}","templated":true}]}}