{"id":22449,"date":"2026-04-28T16:31:06","date_gmt":"2026-04-28T14:31:06","guid":{"rendered":"https:\/\/mediatheques.villeurbanne.fr\/agenda\/?post_type=ajde_events&#038;p=22449"},"modified":"2026-04-29T10:34:12","modified_gmt":"2026-04-29T08:34:12","slug":"chat-retourne-etirements-lectures-et-projections-vivez-lete","status":"publish","type":"ajde_events","link":"https:\/\/mediatheques.villeurbanne.fr\/agenda\/events\/chat-retourne-etirements-lectures-et-projections-vivez-lete\/","title":{"rendered":"Chat (re)tourne ! \u00c9tirements, lectures et projections [Vivez l&rsquo;\u00e9t\u00e9]"},"content":{"rendered":"\n<p><strong>Sur inscription en cliquant ici <\/strong>\u00e0 partir du samedi 18 juillet<\/p>\n\n\n\n<figure class=\"wp-block-image size-large is-resized\"><img loading=\"lazy\" decoding=\"async\" width=\"1024\" height=\"975\" src=\"https:\/\/mediatheques.villeurbanne.fr\/agenda\/wp-content\/uploads\/2026\/04\/AFFICHE-MACPAT-1024x975.jpg\" alt=\"\" class=\"wp-image-22450\" style=\"aspect-ratio:1.050262581671153;width:772px;height:auto\" srcset=\"https:\/\/mediatheques.villeurbanne.fr\/agenda\/wp-content\/uploads\/2026\/04\/AFFICHE-MACPAT-1024x975.jpg 1024w, https:\/\/mediatheques.villeurbanne.fr\/agenda\/wp-content\/uploads\/2026\/04\/AFFICHE-MACPAT-300x286.jpg 300w, https:\/\/mediatheques.villeurbanne.fr\/agenda\/wp-content\/uploads\/2026\/04\/AFFICHE-MACPAT-768x732.jpg 768w, https:\/\/mediatheques.villeurbanne.fr\/agenda\/wp-content\/uploads\/2026\/04\/AFFICHE-MACPAT-450x429.jpg 450w, https:\/\/mediatheques.villeurbanne.fr\/agenda\/wp-content\/uploads\/2026\/04\/AFFICHE-MACPAT-600x571.jpg 600w, https:\/\/mediatheques.villeurbanne.fr\/agenda\/wp-content\/uploads\/2026\/04\/AFFICHE-MACPAT.jpg 1410w\" sizes=\"auto, (max-width: 1024px) 100vw, 1024px\" \/><figcaption class=\"wp-element-caption\"><em>PacMat le chat chanteur<\/em> (Magic light Picture, 2024)<\/figcaption><\/figure>\n\n\n\n<p>S\u2019\u00e9tirer, tapoter un coussin, s\u2019\u00e9tendre de tout son long, ronronner, ouvrir quand m\u00eame un \u0153il pour suivre une lecture et des courts m\u00e9trages o\u00f9 le Chat, adorable f\u00e9lin, sera la star. Chat de goutti\u00e8re, chat c\u00e2lin ou chat malicieux, chat va te plaire !<\/p>\n\n\n\n<p>Les chats et autres animaux en peluche sont accept\u00e9s.<\/p>\n\n\n\n<p><\/p>\n","protected":false},"author":100,"featured_media":22450,"menu_order":0,"comment_status":"closed","ping_status":"closed","template":"","meta":[],"tags":[722,4344,4345,900,639,853,894,4343,2474],"event_type":[614,617,4334],"event_type_2":[2768],"class_list":["post-22449","ajde_events","type-ajde_events","status-publish","has-post-thumbnail","hentry","tag-animation-jeunesse","tag-des-collaborateurs-fideles-sarah-scrimgeour","tag-jac-hamman","tag-jeune-public","tag-maison-du-livre-de-limage-et-du-son","tag-mediatheques-de-villeurbanne","tag-mlis","tag-pacmat-le-chat-chanteur","tag-vivez-lete","event_location-maison-du-livre-de-limage-et-du-son","event_organizer-maison-du-livre-de-limage-et-du-son","event_type-cinema","event_type-jeune-public","event_type-vivez-lete","event_type_2-3-5-ans"],"_links":{"self":[{"href":"https:\/\/mediatheques.villeurbanne.fr\/agenda\/wp-json\/wp\/v2\/ajde_events\/22449","targetHints":{"allow":["GET"]}}],"collection":[{"href":"https:\/\/mediatheques.villeurbanne.fr\/agenda\/wp-json\/wp\/v2\/ajde_events"}],"about":[{"href":"https:\/\/mediatheques.villeurbanne.fr\/agenda\/wp-json\/wp\/v2\/types\/ajde_events"}],"author":[{"embeddable":true,"href":"https:\/\/mediatheques.villeurbanne.fr\/agenda\/wp-json\/wp\/v2\/users\/100"}],"replies":[{"embeddable":true,"href":"https:\/\/mediatheques.villeurbanne.fr\/agenda\/wp-json\/wp\/v2\/comments?post=22449"}],"wp:featuredmedia":[{"embeddable":true,"href":"https:\/\/mediatheques.villeurbanne.fr\/agenda\/wp-json\/wp\/v2\/media\/22450"}],"wp:attachment":[{"href":"https:\/\/mediatheques.villeurbanne.fr\/agenda\/wp-json\/wp\/v2\/media?parent=22449"}],"wp:term":[{"taxonomy":"post_tag","embeddable":true,"href":"https:\/\/mediatheques.villeurbanne.fr\/agenda\/wp-json\/wp\/v2\/tags?post=22449"},{"taxonomy":"event_type","embeddable":true,"href":"https:\/\/mediatheques.villeurbanne.fr\/agenda\/wp-json\/wp\/v2\/event_type?post=22449"},{"taxonomy":"event_type_2","embeddable":true,"href":"https:\/\/mediatheques.villeurbanne.fr\/agenda\/wp-json\/wp\/v2\/event_type_2?post=22449"}],"curies":[{"name":"wp","href":"https:\/\/api.w.org\/{rel}","templated":true}]}}