{"id":22213,"date":"2026-03-12T18:02:03","date_gmt":"2026-03-12T17:02:03","guid":{"rendered":"https:\/\/mediatheques.villeurbanne.fr\/agenda\/?post_type=ajde_events&#038;p=22213"},"modified":"2026-04-18T09:56:24","modified_gmt":"2026-04-18T07:56:24","slug":"concert-maloya-tikaniki-en-transes","status":"publish","type":"ajde_events","link":"https:\/\/mediatheques.villeurbanne.fr\/agenda\/events\/concert-maloya-tikaniki-en-transes\/","title":{"rendered":"Ti&rsquo;Kaniki : concert maloya [En Transes]"},"content":{"rendered":"\n<p>Concert en plein air au parc de la France-Libre et de la R\u00e9sistance.<\/p>\n\n\n\n<p>En partenariat avec l&rsquo;<strong><a href=\"https:\/\/www.mas-asso.fr\/service\/la-cantina-archipel\/\">Archipel<\/a><\/strong>, tiers lieu alimentaire et social. <\/p>\n\n\n\n<figure class=\"wp-block-image size-large is-resized\"><img loading=\"lazy\" decoding=\"async\" width=\"1024\" height=\"683\" src=\"https:\/\/mediatheques.villeurbanne.fr\/agenda\/wp-content\/uploads\/2026\/03\/Photo-TiKaniki-officielle-pour-comm-1024x683.jpg\" alt=\"\" class=\"wp-image-22352\" style=\"width:800px;height:auto\" srcset=\"https:\/\/mediatheques.villeurbanne.fr\/agenda\/wp-content\/uploads\/2026\/03\/Photo-TiKaniki-officielle-pour-comm-1024x683.jpg 1024w, https:\/\/mediatheques.villeurbanne.fr\/agenda\/wp-content\/uploads\/2026\/03\/Photo-TiKaniki-officielle-pour-comm-300x200.jpg 300w, https:\/\/mediatheques.villeurbanne.fr\/agenda\/wp-content\/uploads\/2026\/03\/Photo-TiKaniki-officielle-pour-comm-768x512.jpg 768w, https:\/\/mediatheques.villeurbanne.fr\/agenda\/wp-content\/uploads\/2026\/03\/Photo-TiKaniki-officielle-pour-comm-1536x1024.jpg 1536w, https:\/\/mediatheques.villeurbanne.fr\/agenda\/wp-content\/uploads\/2026\/03\/Photo-TiKaniki-officielle-pour-comm-2048x1365.jpg 2048w, https:\/\/mediatheques.villeurbanne.fr\/agenda\/wp-content\/uploads\/2026\/03\/Photo-TiKaniki-officielle-pour-comm-450x300.jpg 450w, https:\/\/mediatheques.villeurbanne.fr\/agenda\/wp-content\/uploads\/2026\/03\/Photo-TiKaniki-officielle-pour-comm-600x400.jpg 600w\" sizes=\"auto, (max-width: 1024px) 100vw, 1024px\" \/><\/figure>\n\n\n\n<p><strong>Ti\u2019kaniki <\/strong>est un groupe de <strong>maloya <\/strong>bas\u00e9 \u00e0 Lyon, depuis bient\u00f4t 10 ans. Le groupe est constitu\u00e9 de cr\u00e9oles et de musiciens m\u00e9tropolitains aux origines diverses. Ils revendiquent un Maloya moderne, ouvert sur le monde mais solidement ancr\u00e9 dans cette tradition. Depuis le d\u00e9but, le groupe se f\u00e9d\u00e8re autour de <strong>kabars <\/strong>(sc\u00e8nes ouvertes Maloya) pendant lesquelles ils invitent bon nombre d\u2019artistes r\u00e9unionnais (Ren\u00e9 Lacaille, Davy Sicard,Maya Kamaty..) mais aussi d\u2019artistes venant d\u2019autres musiques traditionnelles d\u2019Afrique, de Cara\u00efbes ou m\u00eame d\u2019Europe.<\/p>\n\n\n\n<p>Avec plusieurs disques et tourn\u00e9es internationales \u00e0 leur actif, le groupe est d\u00e9sormais reconnu sur la sc\u00e8ne Maloya, y compris \u00e0 la R\u00e9union. Depuis 2023, Ti\u2019kaniki collabore d\u00e9sormais r\u00e9guli\u00e8rement avec le chanteur <strong>Marsel Phil\u00e9as<\/strong>, fils de Granmoun L\u00e9l\u00e9 et r\u00e9f\u00e9rence du Maloya de l\u2019est de l\u2019\u00eele.<\/p>\n\n\n\n<p>M\u00ealant \u00e0 la fois musique, chant et danse, le Maloya se transmet depuis plusieurs g\u00e9n\u00e9rations \u00e0 l\u2019\u00eele de La R\u00e9union. Mais cette musique traditionnelle vient de plus loin : n\u00e9 pour exprimer la douleur et la r\u00e9volte des esclaves d\u2019origine malgache et africaine, le Maloya permettait de traduire l\u2019indignation qui grondait dans les plantations sucri\u00e8res. Longtemps li\u00e9 \u00e0 des c\u00e9r\u00e9monies d\u2019hommage aux anc\u00eatres, il a conquis l\u2019espace public \u00e0 partir des ann\u00e9es 1970. Vecteur de revendications politiques pendant les ann\u00e9es 1960-1980, il est devenu aujourd\u2019hui l\u2019expression majeure, sur le plan culturel et musical,de l\u2019identit\u00e9 r\u00e9unionnaise.<\/p>\n\n\n\n<p>Vente de boissons assur\u00e9e par le bar La <strong>Cantina <\/strong>et restauration l\u00e9g\u00e8re par <strong><a href=\"https:\/\/dessaveursetdesailes.com\/\">Des Saveurs et des ailes<\/a><\/strong>.<\/p>\n\n\n\n<p><\/p>\n","protected":false},"author":100,"featured_media":22352,"menu_order":0,"comment_status":"closed","ping_status":"closed","template":"","meta":[],"tags":[667,4306,639,4309,853,4310],"event_type":[4325,613],"event_type_2":[2767,2768,2769,2770,2771,2772],"class_list":["post-22213","ajde_events","type-ajde_events","status-publish","has-post-thumbnail","hentry","tag-concert","tag-cycle-transe","tag-maison-du-livre-de-limage-et-du-son","tag-maloya","tag-mediatheques-de-villeurbanne","tag-tikaniki","event_location-maison-du-livre-de-limage-et-du-son","event_organizer-maison-du-livre-de-limage-et-du-son","event_type-en-transes","event_type-musique","event_type_2-0-3-ans","event_type_2-3-5-ans","event_type_2-6-7-ans","event_type_2-8-9-ans","event_type_2-10-ans-et-plus","event_type_2-adultes"],"_links":{"self":[{"href":"https:\/\/mediatheques.villeurbanne.fr\/agenda\/wp-json\/wp\/v2\/ajde_events\/22213","targetHints":{"allow":["GET"]}}],"collection":[{"href":"https:\/\/mediatheques.villeurbanne.fr\/agenda\/wp-json\/wp\/v2\/ajde_events"}],"about":[{"href":"https:\/\/mediatheques.villeurbanne.fr\/agenda\/wp-json\/wp\/v2\/types\/ajde_events"}],"author":[{"embeddable":true,"href":"https:\/\/mediatheques.villeurbanne.fr\/agenda\/wp-json\/wp\/v2\/users\/100"}],"replies":[{"embeddable":true,"href":"https:\/\/mediatheques.villeurbanne.fr\/agenda\/wp-json\/wp\/v2\/comments?post=22213"}],"wp:featuredmedia":[{"embeddable":true,"href":"https:\/\/mediatheques.villeurbanne.fr\/agenda\/wp-json\/wp\/v2\/media\/22352"}],"wp:attachment":[{"href":"https:\/\/mediatheques.villeurbanne.fr\/agenda\/wp-json\/wp\/v2\/media?parent=22213"}],"wp:term":[{"taxonomy":"post_tag","embeddable":true,"href":"https:\/\/mediatheques.villeurbanne.fr\/agenda\/wp-json\/wp\/v2\/tags?post=22213"},{"taxonomy":"event_type","embeddable":true,"href":"https:\/\/mediatheques.villeurbanne.fr\/agenda\/wp-json\/wp\/v2\/event_type?post=22213"},{"taxonomy":"event_type_2","embeddable":true,"href":"https:\/\/mediatheques.villeurbanne.fr\/agenda\/wp-json\/wp\/v2\/event_type_2?post=22213"}],"curies":[{"name":"wp","href":"https:\/\/api.w.org\/{rel}","templated":true}]}}