{"id":22211,"date":"2026-03-10T18:37:34","date_gmt":"2026-03-10T17:37:34","guid":{"rendered":"https:\/\/mediatheques.villeurbanne.fr\/agenda\/?post_type=ajde_events&#038;p=22211"},"modified":"2026-03-30T15:05:44","modified_gmt":"2026-03-30T13:05:44","slug":"le-grand-bal-un-film-realise-par-laetitia-carton-2018-sanosi-productions-cycle-transe","status":"publish","type":"ajde_events","link":"https:\/\/mediatheques.villeurbanne.fr\/agenda\/events\/le-grand-bal-un-film-realise-par-laetitia-carton-2018-sanosi-productions-cycle-transe\/","title":{"rendered":"Le Grand bal, un film de Laetitia Carton [En transes]"},"content":{"rendered":"\n<p> (2018, Sanosi productions)<\/p>\n\n\n\n<p>La projection est suivie d&rsquo;une rencontre avec Laetitia Carton, d&rsquo;une initiation au bal folk \u00e0 19h30 et d&rsquo;un bal \u00e0 20h30 au CCVA de Villeurbanne.<\/p>\n\n\n\n<p>\u00ab\u00a0Ce film sur le <em>Grand Bal<\/em>, c\u2019est un film sur la joie. Celle d\u2019\u00eatre vivant, de danser, de partager la danse et la musique, mais surtout d\u2019\u00eatre ensemble ! Montrer aussi, qu\u2019au fond, c\u2019est ce \u00e0 quoi nous aspirons tous. Que nous avons grand besoin de ces espaces, des autres, de cet amour. Fondamentalement. Et que la vie, \u00e7a peut \u00eatre beau.\u00a0\u00bb<\/p>\n\n\n\n<p>C\u2019est l\u2019histoire d\u2019un bal. D\u2019un grand bal. Chaque \u00e9t\u00e9, plus de deux mille personnes affluent de toute l\u2019Europe dans un coin de campagne fran\u00e7aise. Pendant 7 jours et 8 nuits, ils dansent encore et encore, perdent la notion du temps, bravent leurs fatigues et leurs corps. \u00c7a tourne, \u00e7a rit, \u00e7a virevolte, \u00e7a pleure, \u00e7a chante. Et la vie pulse.<\/p>\n\n\n\n<figure class=\"wp-block-image size-large\"><img loading=\"lazy\" decoding=\"async\" width=\"768\" height=\"1024\" src=\"https:\/\/mediatheques.villeurbanne.fr\/agenda\/wp-content\/uploads\/2026\/03\/affiche-LGB-768x1024.jpg\" alt=\"\" class=\"wp-image-22212\" srcset=\"https:\/\/mediatheques.villeurbanne.fr\/agenda\/wp-content\/uploads\/2026\/03\/affiche-LGB-768x1024.jpg 768w, https:\/\/mediatheques.villeurbanne.fr\/agenda\/wp-content\/uploads\/2026\/03\/affiche-LGB-225x300.jpg 225w, https:\/\/mediatheques.villeurbanne.fr\/agenda\/wp-content\/uploads\/2026\/03\/affiche-LGB-1152x1536.jpg 1152w, https:\/\/mediatheques.villeurbanne.fr\/agenda\/wp-content\/uploads\/2026\/03\/affiche-LGB-1536x2048.jpg 1536w, https:\/\/mediatheques.villeurbanne.fr\/agenda\/wp-content\/uploads\/2026\/03\/affiche-LGB-450x600.jpg 450w, https:\/\/mediatheques.villeurbanne.fr\/agenda\/wp-content\/uploads\/2026\/03\/affiche-LGB-600x800.jpg 600w, https:\/\/mediatheques.villeurbanne.fr\/agenda\/wp-content\/uploads\/2026\/03\/affiche-LGB-scaled.jpg 1920w\" sizes=\"auto, (max-width: 768px) 100vw, 768px\" \/><\/figure>\n\n\n\n<p>Issue des Beaux-Arts de Clermont-Ferrand, Laetitia Carton a expos\u00e9 son travail dans des lieux d\u2019art contemporain d\u00e8s sa sortie de l\u2019\u00e9cole (\u00e0 l\u2019abbaye St Andr\u00e9 \u00e0 Meymac, \u00e0 St Fons, au Creux de l\u2019enfer, \u00e0 Thiers, \u00e0 l\u2019espace d\u2019art contemporain de la ville de Paris, au Mus\u00e9e d\u2019art contemporain de Lyon)\u2026 Elle rencontre Jean Pierre Rhem, ainsi que le documentaire de cr\u00e9ation lors d\u2019un post-dipl\u00f4me \u00e0 l\u2019\u00e9cole d\u2019art de Lyon. Elle d\u00e9cide alors de prendre un autre chemin, et suit le master de r\u00e9alisation documentaire de Lussas (Universit\u00e9 de Grenoble).<\/p>\n\n\n\n<p>Son film de fin d\u2019\u00e9tudes, <em>D\u2019un chagrin j\u2019ai fait un repos<\/em> est largement diffus\u00e9 et lui permet de voyager jusqu\u2019\u00e0 Cuba, o\u00f9 il remporte un prix. Elle r\u00e9alise en 2009 un premier film pour la t\u00e9l\u00e9vision, <em>La Pieuvre<\/em>, sur une maladie g\u00e9n\u00e9tique neurod\u00e9g\u00e9n\u00e9rative qui d\u00e9cime sa famille, la maladie de Huntington. En parall\u00e8le de son portrait sur l\u2019artiste <em>Baudoin<\/em>, sorti en salles en septembre 2015, elle r\u00e9alise un documentaire <em>J&rsquo;avancerai vers toi avec les yeux d&rsquo;un sourd<\/em> pour le cin\u00e9ma sur la communaut\u00e9 sourde et la langue des signes, initi\u00e9 il y a d\u00e9j\u00e0 plus de sept ans avec ses amis sourds.<\/p>\n\n\n\n<p><em>Le Grand Bal<\/em> (2018) a \u00e9t\u00e9 programm\u00e9 en s\u00e9ance sp\u00e9ciale \u00e0 Cannes. Il a concouru pour l&rsquo;\u0152il d&rsquo;or du meilleur documentaire du festival de Cannes et a \u00e9t\u00e9 nomm\u00e9 pour le C\u00e9sar du meilleur film documentaire. Il a \u00e9t\u00e9 diffus\u00e9 dans de nombreux festivals.<\/p>\n\n\n\n<figure class=\"wp-block-embed is-type-wp-embed is-provider-laetitia-carton wp-block-embed-laetitia-carton\"><div class=\"wp-block-embed__wrapper\">\n<blockquote class=\"wp-embedded-content\" data-secret=\"PrvN27yF4S\"><a href=\"https:\/\/www.laetitiacarton.net\/film-le-grand-bal\/\">Le grand Bal<\/a><\/blockquote><iframe loading=\"lazy\" class=\"wp-embedded-content\" sandbox=\"allow-scripts\" security=\"restricted\" style=\"position: absolute; visibility: hidden;\" title=\"\u00ab\u00a0Le grand Bal\u00a0\u00bb &#8212; Laetitia Carton\" src=\"https:\/\/www.laetitiacarton.net\/film-le-grand-bal\/embed\/#?secret=b856CrVvb8#?secret=PrvN27yF4S\" data-secret=\"PrvN27yF4S\" width=\"600\" height=\"338\" frameborder=\"0\" marginwidth=\"0\" marginheight=\"0\" scrolling=\"no\"><\/iframe>\n<\/div><\/figure>\n\n\n\n<p><\/p>\n","protected":false},"author":100,"featured_media":22212,"menu_order":0,"comment_status":"closed","ping_status":"closed","template":"","meta":[],"tags":[648,4306,4308,4307,639,853],"event_type":[614,4325],"event_type_2":[2771,2772],"class_list":["post-22211","ajde_events","type-ajde_events","status-publish","has-post-thumbnail","hentry","tag-cinema","tag-cycle-transe","tag-laetitia-carton","tag-le-grand-bal","tag-maison-du-livre-de-limage-et-du-son","tag-mediatheques-de-villeurbanne","event_location-maison-du-livre-de-limage-et-du-son","event_organizer-maison-du-livre-de-limage-et-du-son","event_type-cinema","event_type-en-transes","event_type_2-10-ans-et-plus","event_type_2-adultes"],"_links":{"self":[{"href":"https:\/\/mediatheques.villeurbanne.fr\/agenda\/wp-json\/wp\/v2\/ajde_events\/22211","targetHints":{"allow":["GET"]}}],"collection":[{"href":"https:\/\/mediatheques.villeurbanne.fr\/agenda\/wp-json\/wp\/v2\/ajde_events"}],"about":[{"href":"https:\/\/mediatheques.villeurbanne.fr\/agenda\/wp-json\/wp\/v2\/types\/ajde_events"}],"author":[{"embeddable":true,"href":"https:\/\/mediatheques.villeurbanne.fr\/agenda\/wp-json\/wp\/v2\/users\/100"}],"replies":[{"embeddable":true,"href":"https:\/\/mediatheques.villeurbanne.fr\/agenda\/wp-json\/wp\/v2\/comments?post=22211"}],"wp:featuredmedia":[{"embeddable":true,"href":"https:\/\/mediatheques.villeurbanne.fr\/agenda\/wp-json\/wp\/v2\/media\/22212"}],"wp:attachment":[{"href":"https:\/\/mediatheques.villeurbanne.fr\/agenda\/wp-json\/wp\/v2\/media?parent=22211"}],"wp:term":[{"taxonomy":"post_tag","embeddable":true,"href":"https:\/\/mediatheques.villeurbanne.fr\/agenda\/wp-json\/wp\/v2\/tags?post=22211"},{"taxonomy":"event_type","embeddable":true,"href":"https:\/\/mediatheques.villeurbanne.fr\/agenda\/wp-json\/wp\/v2\/event_type?post=22211"},{"taxonomy":"event_type_2","embeddable":true,"href":"https:\/\/mediatheques.villeurbanne.fr\/agenda\/wp-json\/wp\/v2\/event_type_2?post=22211"}],"curies":[{"name":"wp","href":"https:\/\/api.w.org\/{rel}","templated":true}]}}