{"id":21976,"date":"2026-01-19T10:38:50","date_gmt":"2026-01-19T09:38:50","guid":{"rendered":"https:\/\/mediatheques.villeurbanne.fr\/agenda\/events\/deuxieme-seance-du-prix-lire-pour-agir-le-vote\/"},"modified":"2026-02-09T09:07:24","modified_gmt":"2026-02-09T08:07:24","slug":"deuxieme-seance-du-prix-lire-pour-agir-le-vote","status":"publish","type":"ajde_events","link":"https:\/\/mediatheques.villeurbanne.fr\/agenda\/events\/deuxieme-seance-du-prix-lire-pour-agir-le-vote\/","title":{"rendered":"Prix Lire pour agir : le vote\u00a0!"},"content":{"rendered":"\n<p><strong>Sur inscription en cliquant ici <\/strong>(ouverture un mois avant)<\/p>\n\n\n\n<p>Le prix Lire pour agir r\u00e9compense chaque ann\u00e9e un livre sur le th\u00e8me de la transition \u00e9cologique. L\u2019objectif est de voter pour l\u2019ouvrage qui nous donne le plus envie d\u2019agir pour la pr\u00e9servation de l\u2019environnement.<\/p>\n\n\n\n<p>Lors de ce deuxi\u00e8me rendez-vous, partagez votre avis sur vos lectures des ouvrages en comp\u00e9tition et voter pour votre favori\u00a0!\u00a0<\/p>\n\n\n\n<p>L\u2019inscription \u00e0 cet \u00e9v\u00e8nement n\u00e9cessite d\u2019avoir participer \u00e0 la pr\u00e9sentation du prix Lire pour agir du 14 mars.<\/p>\n\n\n\n<p><\/p>\n\n\n\n<p><\/p>\n","protected":false},"author":90,"featured_media":21975,"menu_order":0,"comment_status":"closed","ping_status":"closed","template":"","meta":[],"tags":[1055,1057,639,853,4283,4282],"event_type":[612,1161],"event_type_2":[2771,2772],"class_list":["post-21976","ajde_events","type-ajde_events","status-publish","has-post-thumbnail","hentry","tag-ecologie","tag-maison-de-lenvironnement-de-la-metropole-de-lyon","tag-maison-du-livre-de-limage-et-du-son","tag-mediatheques-de-villeurbanne","tag-prix-lire-pour-agir","tag-prix-litteraire","event_location-maison-du-livre-de-limage-et-du-son","event_organizer-maison-du-livre-de-limage-et-du-son","event_type-arts-et-litterature","event_type-decouvertes-et-societe","event_type_2-10-ans-et-plus","event_type_2-adultes"],"_links":{"self":[{"href":"https:\/\/mediatheques.villeurbanne.fr\/agenda\/wp-json\/wp\/v2\/ajde_events\/21976","targetHints":{"allow":["GET"]}}],"collection":[{"href":"https:\/\/mediatheques.villeurbanne.fr\/agenda\/wp-json\/wp\/v2\/ajde_events"}],"about":[{"href":"https:\/\/mediatheques.villeurbanne.fr\/agenda\/wp-json\/wp\/v2\/types\/ajde_events"}],"author":[{"embeddable":true,"href":"https:\/\/mediatheques.villeurbanne.fr\/agenda\/wp-json\/wp\/v2\/users\/90"}],"replies":[{"embeddable":true,"href":"https:\/\/mediatheques.villeurbanne.fr\/agenda\/wp-json\/wp\/v2\/comments?post=21976"}],"wp:featuredmedia":[{"embeddable":true,"href":"https:\/\/mediatheques.villeurbanne.fr\/agenda\/wp-json\/wp\/v2\/media\/21975"}],"wp:attachment":[{"href":"https:\/\/mediatheques.villeurbanne.fr\/agenda\/wp-json\/wp\/v2\/media?parent=21976"}],"wp:term":[{"taxonomy":"post_tag","embeddable":true,"href":"https:\/\/mediatheques.villeurbanne.fr\/agenda\/wp-json\/wp\/v2\/tags?post=21976"},{"taxonomy":"event_type","embeddable":true,"href":"https:\/\/mediatheques.villeurbanne.fr\/agenda\/wp-json\/wp\/v2\/event_type?post=21976"},{"taxonomy":"event_type_2","embeddable":true,"href":"https:\/\/mediatheques.villeurbanne.fr\/agenda\/wp-json\/wp\/v2\/event_type_2?post=21976"}],"curies":[{"name":"wp","href":"https:\/\/api.w.org\/{rel}","templated":true}]}}